{"id":822,"date":"2024-05-15T13:05:03","date_gmt":"2024-05-15T11:05:03","guid":{"rendered":"https:\/\/www.med30.org\/recursos\/"},"modified":"2025-07-22T13:38:42","modified_gmt":"2025-07-22T11:38:42","slug":"estudis-i-informes","status":"publish","type":"page","link":"https:\/\/www.med30.org\/ca\/estudis-i-informes\/","title":{"rendered":"Estudis i informes"},"content":{"rendered":"<section class=\"l-section wpb_row height_medium\"><div class=\"l-section-h i-cf\"><div class=\"g-cols vc_row via_flex valign_top type_default stacking_default\"><div class=\"vc_col-sm-12 wpb_column vc_column_container\"><div class=\"vc_column-inner\"><div class=\"wpb_wrapper\"><form class=\"w-filter for_grid state_desktop us-field-style_1 layout_hor items_1 mod_dropdown align_none drop_on_hover hide_item_title\" action onsubmit=\"return false;\" onclick='return {&quot;filterPrefix&quot;:&quot;filter&quot;,&quot;hideDisabledValues&quot;:false,&quot;layout&quot;:&quot;hor&quot;,&quot;mobileWidth&quot;:600,&quot;use_grid&quot;:&quot;#recursos&quot;,&quot;gridNotFoundMessage&quot;:&quot;Nothing to filter. Add a suitable Grid to this page.&quot;}'><div class=\"w-filter-list\"><div class=\"w-filter-list-title\">Filters<\/div><button class=\"w-filter-list-closer\" title=\"Tanca\" aria-label=\"Tanca\"><\/button><div class=\"w-filter-item type_radio\" data-source=\"tax|us_portfolio_category\"><button class=\"w-filter-item-title\">Recursos<span><\/span><\/button><a class=\"w-filter-item-reset\" href=\"#\" title=\"Reset\"><span>Reset<\/span><\/a><div class=\"w-filter-item-content\"><div class=\"w-filter-item-values\" data-maxheight=\"40vh\" style=\"max-height:40vh\"><div class=\"w-filter-item-value selected\"><label><input type=\"radio\" value=\"*\" name=\"filter_us_portfolio_category\" checked='checked'><span class=\"w-filter-item-value-label\">All<\/span><\/label><\/div><div class=\"w-filter-item-value\" data-item-amount=\"8\"><label><input type=\"radio\" value=\"estudis-i-informes\" name=\"filter_us_portfolio_category\"><span class=\"w-filter-item-value-label\">Estudis i informes<\/span><span class=\"w-filter-item-value-amount\">8<\/span><\/label><\/div><div class=\"w-filter-item-value\" data-item-amount=\"4\"><label><input type=\"radio\" value=\"herramientas-ca\" name=\"filter_us_portfolio_category\"><span class=\"w-filter-item-value-label\">Herramientas<\/span><span class=\"w-filter-item-value-amount\">4<\/span><\/label><\/div><\/div><\/div><\/div><\/div><div class=\"w-filter-list-panel\"><button class=\"w-btn us-btn-style_1\"><span class=\"w-btn-label\">Aplica<\/span><\/button><\/div><style>@media( max-width:600px ){.w-filter.state_desktop .w-filter-list,.w-filter-item-title>span{display:none}.w-filter-opener{display:inline-block}}<\/style><button class=\"w-filter-opener\"><span>Filters<\/span><\/button><div class=\"w-filter-json-filters-args hidden\" onclick='return {&quot;taxonomies_query_args&quot;:{&quot;tax|us_portfolio_category&quot;:{&quot;estudis-i-informes&quot;:{&quot;fields&quot;:&quot;ids&quot;,&quot;nopaging&quot;:true,&quot;post_status&quot;:[&quot;publish&quot;,&quot;acf-disabled&quot;,&quot;inherit&quot;],&quot;post_type&quot;:[],&quot;posts_per_page&quot;:1,&quot;suppress_filters&quot;:true,&quot;tax_query&quot;:[{&quot;taxonomy&quot;:&quot;us_portfolio_category&quot;,&quot;field&quot;:&quot;slug&quot;,&quot;terms&quot;:&quot;estudis-i-informes&quot;}]},&quot;herramientas-ca&quot;:{&quot;fields&quot;:&quot;ids&quot;,&quot;nopaging&quot;:true,&quot;post_status&quot;:[&quot;publish&quot;,&quot;acf-disabled&quot;,&quot;inherit&quot;],&quot;post_type&quot;:[],&quot;posts_per_page&quot;:1,&quot;suppress_filters&quot;:true,&quot;tax_query&quot;:[{&quot;taxonomy&quot;:&quot;us_portfolio_category&quot;,&quot;field&quot;:&quot;slug&quot;,&quot;terms&quot;:&quot;herramientas-ca&quot;}]}}}}'><\/div><\/form><div class=\"w-grid us_grid type_grid layout_635 cols_1 pagination_regular preload_style_spinner with_css_animation\" id=\"recursos\" style=\"--columns:1;--gap:5rem;\" data-filterable=\"true\"><style>.layout_635 .w-grid-item-h{border-radius:0.3rem;box-shadow:0 0rem 0rem rgba(0,0,0,0.1),0 0rem 0rem rgba(0,0,0,0.1);transition-duration:0.3s}.no-touch .layout_635 .w-grid-item-h:hover{box-shadow:0 0.2rem 0.4rem rgba(0,0,0,0.1),0 0.67rem 2rem rgba(0,0,0,0.15);z-index:4}.layout_635 .usg_vwrapper_1{transition-duration:0.3s;transform-origin:50% 50%;transform:scale(1) translate(0%,0%)}.layout_635 .w-grid-item-h:focus-within .usg_vwrapper_1,.layout_635 .w-grid-item-h:hover .usg_vwrapper_1{transform:scale(1) translate(0%,0%);opacity:1;border-color:transparent!important}.layout_635 .usg_post_title_1{transition-duration:0s;transform-origin:50% 50%;transform:scale(1) translate(0%,0%)}.layout_635 .w-grid-item-h:focus-within .usg_post_title_1,.layout_635 .w-grid-item-h:hover .usg_post_title_1{transform:scale(1) translate(0%,0%);opacity:1;color:var(--color-header-middle-text)!important}.layout_635 .usg_vwrapper_1{border-radius:0.3rem!important;padding:6%!important;border:1px solid var(--color-content-border)!important}.layout_635 .usg_post_title_1{color:#62B6F3!important}.layout_635 .usg_post_taxonomy_1{margin-bottom:1rem!important}.layout_635 .usg_post_date_1{color:#1A6694!important;font-size:14px!important;font-weight:700!important}.layout_635 .usg_post_custom_field_1{font-weight:700!important}.layout_635 .usg_post_taxonomy_2{margin-bottom:1rem!important}<\/style><div class=\"w-grid-list\">\t<article class=\"w-grid-item us_animate_afb size_1x1 post-1935 us_portfolio type-us_portfolio status-publish has-post-thumbnail hentry filtro-recurs palabra-clave-arees-marines-protegides palabra-clave-mediterrani-espanyol palabra-clave-pesca-ca us_portfolio_category-estudis-i-informes us_portfolio_tag-arees-marines-protegides us_portfolio_tag-mediterrani-espanyol us_portfolio_tag-pesca-ca\" data-id=\"1935\">\r\n\t\t<div class=\"w-grid-item-h\">\r\n\t\t\t\t\t\t\t<a href=\"https:\/\/www.med30.org\/ca\/portfolio\/activitats-pesqueres-en-les-zones-marines-protegides-espanyoles-del-mediterrani\/\" class=\"w-grid-item-anchor\" aria-label=\"Activitats pesqueres en les zones marines protegides espanyoles del Mediterrani\"><\/a>\r\n\t\t\t\t\t\t<div class=\"w-vwrapper usg_vwrapper_1 align_none valign_top\" style=\"--vwrapper-gap:0.5rem\"><div class=\"w-hwrapper usg_hwrapper_2 align_none valign_middle wrap\" style=\"--hwrapper-gap:0.4rem\"><div class=\"w-post-elm post_taxonomy usg_post_taxonomy_1 style_badge\"><span class=\"w-btn us-btn-style_5 term-30 term-recurs\">Recurs<\/span><\/div><div class=\"w-post-elm post_taxonomy usg_post_taxonomy_2 style_badge\"><div class=\"w-post-elm-list\"><span class=\"w-btn us-btn-style_4 term-455 term-arees-marines-protegides\">\u00e0rees marines protegides<\/span><span class=\"w-btn us-btn-style_4 term-456 term-mediterrani-espanyol\">mediterrani espanyol<\/span><span class=\"w-btn us-btn-style_4 term-138 term-pesca-ca\">pesca<\/span><\/div><\/div><\/div><h2 class=\"w-post-elm post_title usg_post_title_1 has_text_color entry-title color_link_inherit\">Activitats pesqueres en les zones marines protegides espanyoles del Mediterrani<\/h2><div class=\"w-hwrapper usg_hwrapper_1 align_none valign_middle\" style=\"--hwrapper-gap:2rem\"><time class=\"w-post-elm post_date usg_post_date_1 has_text_color entry-date published\" datetime=\"2025-05-27T12:07:34+02:00\">27 de maig de 2025<\/time><\/div><div class=\"w-post-elm post_content usg_post_content_1\">Estudi que contribueix a il\u00b7lustrar la sub\u00f2ptima situaci\u00f3 actual de la protecci\u00f3 marina a la Mar Mediterr\u00e0nia espanyola i la necessitat d&#8217;augmentar els esfor\u00e7os de protecci\u00f3 efectiva per a aconseguir&hellip;<\/div><\/div>\t\t<\/div>\r\n\t\t\t<\/article>\r\n\t<article class=\"w-grid-item us_animate_afb size_1x1 post-1925 us_portfolio type-us_portfolio status-publish hentry filtro-recurs palabra-clave-30x30-ca palabra-clave-canvi-climatic palabra-clave-espacios-marinos-protegidos-ca palabra-clave-espais-marins-protegits palabra-clave-onades-de-calor us_portfolio_category-estudis-i-informes us_portfolio_tag-arees-marines-protegides us_portfolio_tag-canvi-climatic us_portfolio_tag-estudi us_portfolio_tag-onades-de-calor\" data-id=\"1925\">\r\n\t\t<div class=\"w-grid-item-h\">\r\n\t\t\t\t\t\t\t<a href=\"https:\/\/www.med30.org\/ca\/portfolio\/estudi-les-arees-marines-protegides-afavoreixen-lestabilitat-de-les-comunitats-de-peixos-descull-davant-el-canvi-climatic\/\" class=\"w-grid-item-anchor\" aria-label=\"Estudi: Les \u00e0rees marines protegides afavoreixen l&#8217;estabilitat de les comunitats de peixos d&#8217;escull davant el canvi clim\u00e0tic\"><\/a>\r\n\t\t\t\t\t\t<div class=\"w-vwrapper usg_vwrapper_1 align_none valign_top\" style=\"--vwrapper-gap:0.5rem\"><div class=\"w-hwrapper usg_hwrapper_2 align_none valign_middle wrap\" style=\"--hwrapper-gap:0.4rem\"><div class=\"w-post-elm post_taxonomy usg_post_taxonomy_1 style_badge\"><span class=\"w-btn us-btn-style_5 term-30 term-recurs\">Recurs<\/span><\/div><div class=\"w-post-elm post_taxonomy usg_post_taxonomy_2 style_badge\"><div class=\"w-post-elm-list\"><span class=\"w-btn us-btn-style_4 term-94 term-30x30-ca\">30x30<\/span><span class=\"w-btn us-btn-style_4 term-255 term-canvi-climatic\">canvi clim\u00e0tic<\/span><span class=\"w-btn us-btn-style_4 term-151 term-espacios-marinos-protegidos-ca\">Espacios Marinos Protegidos<\/span><span class=\"w-btn us-btn-style_4 term-156 term-espais-marins-protegits\">Espais Marins Protegits<\/span><span class=\"w-btn us-btn-style_4 term-443 term-onades-de-calor\">onades de calor<\/span><\/div><\/div><\/div><h2 class=\"w-post-elm post_title usg_post_title_1 has_text_color entry-title color_link_inherit\">Estudi: Les \u00e0rees marines protegides afavoreixen l&#8217;estabilitat de les comunitats de peixos d&#8217;escull davant el canvi clim\u00e0tic<\/h2><div class=\"w-hwrapper usg_hwrapper_1 align_none valign_middle\" style=\"--hwrapper-gap:2rem\"><time class=\"w-post-elm post_date usg_post_date_1 has_text_color entry-date published\" datetime=\"2025-05-27T11:39:30+02:00\">27 de maig de 2025<\/time><\/div><div class=\"w-post-elm post_content usg_post_content_1\">Estudi que comprova com les \u00e0rees marines protegides mitiguen els efectes adversos de les onades de calor marines sobre l&#8217;abund\u00e0ncia de peixos, l&#8217;estabilitat de les comunitats, les fluctuacions as\u00edncrones i&hellip;<\/div><\/div>\t\t<\/div>\r\n\t\t\t<\/article>\r\n\t<article class=\"w-grid-item us_animate_afb size_1x1 post-1912 us_portfolio type-us_portfolio status-publish has-post-thumbnail hentry filtro-recurs palabra-clave-10x30-ca palabra-clave-espacios-marinos-protegidos-ca palabra-clave-informe-ca palabra-clave-med30 palabra-clave-oceana-ca us_portfolio_category-estudis-i-informes us_portfolio_tag-10x30 us_portfolio_tag-informe-ca us_portfolio_tag-med30-ca us_portfolio_tag-oceana-ca us_portfolio_tag-proteccio-estricta\" data-id=\"1912\">\r\n\t\t<div class=\"w-grid-item-h\">\r\n\t\t\t\t\t\t\t<a href=\"https:\/\/www.med30.org\/ca\/portfolio\/objectiu-10x30-proposta-despais-marins-per-a-la-proteccio-estricta-al-mediterrani-espanyol\/\" class=\"w-grid-item-anchor\" aria-label=\"Objectiu 10&#215;30. Proposta d&#8217;espais marins per a la protecci\u00f3 estricta al Mediterrani espanyol\"><\/a>\r\n\t\t\t\t\t\t<div class=\"w-vwrapper usg_vwrapper_1 align_none valign_top\" style=\"--vwrapper-gap:0.5rem\"><div class=\"w-hwrapper usg_hwrapper_2 align_none valign_middle wrap\" style=\"--hwrapper-gap:0.4rem\"><div class=\"w-post-elm post_taxonomy usg_post_taxonomy_1 style_badge\"><span class=\"w-btn us-btn-style_5 term-30 term-recurs\">Recurs<\/span><\/div><div class=\"w-post-elm post_taxonomy usg_post_taxonomy_2 style_badge\"><div class=\"w-post-elm-list\"><span class=\"w-btn us-btn-style_4 term-95 term-10x30-ca\">10x30<\/span><span class=\"w-btn us-btn-style_4 term-151 term-espacios-marinos-protegidos-ca\">Espacios Marinos Protegidos<\/span><span class=\"w-btn us-btn-style_4 term-219 term-informe-ca\">Informe<\/span><span class=\"w-btn us-btn-style_4 term-277 term-med30\">MED30<\/span><span class=\"w-btn us-btn-style_4 term-169 term-oceana-ca\">Oceana<\/span><\/div><\/div><\/div><h2 class=\"w-post-elm post_title usg_post_title_1 has_text_color entry-title color_link_inherit\">Objectiu 10&#215;30. Proposta d&#8217;espais marins per a la protecci\u00f3 estricta al Mediterrani espanyol<\/h2><div class=\"w-hwrapper usg_hwrapper_1 align_none valign_middle\" style=\"--hwrapper-gap:2rem\"><time class=\"w-post-elm post_date usg_post_date_1 has_text_color entry-date published\" datetime=\"2025-05-13T17:01:34+02:00\">13 de maig de 2025<\/time><\/div><div class=\"w-post-elm post_content usg_post_content_1\">Informe elaborat per Oceana sota la iniciativa MED30 que proposa una selecci\u00f3 de 59 espais mereixedors de protecci\u00f3 estricta al Mediterrani espanyol. Aquests 59 espais impliquen uns 13.500 km\u00b2 d&#8217;extensi\u00f3,&hellip;<\/div><\/div>\t\t<\/div>\r\n\t\t\t<\/article>\r\n\t<article class=\"w-grid-item us_animate_afb size_1x1 post-1799 us_portfolio type-us_portfolio status-publish has-post-thumbnail hentry filtro-recurs palabra-clave-restauracio-ca palabra-clave-unio-europea palabra-clave-wwf-ca us_portfolio_category-estudis-i-informes us_portfolio_tag-restauracio-ca us_portfolio_tag-unio-europea us_portfolio_tag-wwf-ca\" data-id=\"1799\">\r\n\t\t<div class=\"w-grid-item-h\">\r\n\t\t\t\t\t\t\t<a href=\"https:\/\/www.med30.org\/ca\/portfolio\/10-principis-clau-per-a-la-restauracio-marina-i-costanera\/\" class=\"w-grid-item-anchor\" aria-label=\"10 principis clau per a la restauraci\u00f3 marina i costanera\"><\/a>\r\n\t\t\t\t\t\t<div class=\"w-vwrapper usg_vwrapper_1 align_none valign_top\" style=\"--vwrapper-gap:0.5rem\"><div class=\"w-hwrapper usg_hwrapper_2 align_none valign_middle wrap\" style=\"--hwrapper-gap:0.4rem\"><div class=\"w-post-elm post_taxonomy usg_post_taxonomy_1 style_badge\"><span class=\"w-btn us-btn-style_5 term-30 term-recurs\">Recurs<\/span><\/div><div class=\"w-post-elm post_taxonomy usg_post_taxonomy_2 style_badge\"><div class=\"w-post-elm-list\"><span class=\"w-btn us-btn-style_4 term-364 term-restauracio-ca\">restauraci\u00f3<\/span><span class=\"w-btn us-btn-style_4 term-362 term-unio-europea\">uni\u00f3 europea<\/span><span class=\"w-btn us-btn-style_4 term-363 term-wwf-ca\">wwf<\/span><\/div><\/div><\/div><h2 class=\"w-post-elm post_title usg_post_title_1 has_text_color entry-title color_link_inherit\">10 principis clau per a la restauraci\u00f3 marina i costanera<\/h2><div class=\"w-hwrapper usg_hwrapper_1 align_none valign_middle\" style=\"--hwrapper-gap:2rem\"><time class=\"w-post-elm post_date usg_post_date_1 has_text_color entry-date published\" datetime=\"2025-04-02T18:06:21+02:00\">2 d'abril de 2025<\/time><\/div><div class=\"w-post-elm post_content usg_post_content_1\">Un nou informe de WWF identifica 10 principis clau per a una restauraci\u00f3 marina i costanera efica\u00e7 a la Uni\u00f3 Europea, proporcionant un marc in\u00e8dit per a la restauraci\u00f3 de&hellip;<\/div><\/div>\t\t<\/div>\r\n\t\t\t<\/article>\r\n\t<article class=\"w-grid-item us_animate_afb size_1x1 post-1761 us_portfolio type-us_portfolio status-publish has-post-thumbnail hentry filtro-recurs palabra-clave-catalunya palabra-clave-estudi palabra-clave-icm-csic-ca palabra-clave-informe-ca us_portfolio_category-estudis-i-informes us_portfolio_tag-catalunya us_portfolio_tag-estudi us_portfolio_tag-icm-csic-ca us_portfolio_tag-informe-ca\" data-id=\"1761\">\r\n\t\t<div class=\"w-grid-item-h\">\r\n\t\t\t\t\t\t\t<a href=\"https:\/\/www.med30.org\/ca\/portfolio\/estat-de-locea-icm-csic\/\" class=\"w-grid-item-anchor\" aria-label=\"Estat de l&#8217;oce\u00e0 (ICM-CSIC)\"><\/a>\r\n\t\t\t\t\t\t<div class=\"w-vwrapper usg_vwrapper_1 align_none valign_top\" style=\"--vwrapper-gap:0.5rem\"><div class=\"w-hwrapper usg_hwrapper_2 align_none valign_middle wrap\" style=\"--hwrapper-gap:0.4rem\"><div class=\"w-post-elm post_taxonomy usg_post_taxonomy_1 style_badge\"><span class=\"w-btn us-btn-style_5 term-30 term-recurs\">Recurs<\/span><\/div><div class=\"w-post-elm post_taxonomy usg_post_taxonomy_2 style_badge\"><div class=\"w-post-elm-list\"><span class=\"w-btn us-btn-style_4 term-328 term-catalunya\">Catalunya<\/span><span class=\"w-btn us-btn-style_4 term-254 term-estudi\">estudi<\/span><span class=\"w-btn us-btn-style_4 term-329 term-icm-csic-ca\">ICM-CSIC<\/span><span class=\"w-btn us-btn-style_4 term-219 term-informe-ca\">Informe<\/span><\/div><\/div><\/div><h2 class=\"w-post-elm post_title usg_post_title_1 has_text_color entry-title color_link_inherit\">Estat de l&#8217;oce\u00e0 (ICM-CSIC)<\/h2><div class=\"w-hwrapper usg_hwrapper_1 align_none valign_middle\" style=\"--hwrapper-gap:2rem\"><time class=\"w-post-elm post_date usg_post_date_1 has_text_color entry-date published\" datetime=\"2025-03-14T13:21:07+01:00\">14 de mar\u00e7 de 2025<\/time><\/div><div class=\"w-post-elm post_content usg_post_content_1\">Informe divulgatiu, elaborat per ICM-CSIC, que analitza la salut del mar catal\u00e0, alerta sobre els reptes ambientals als quals s&#8217;enfronta i proposa solucions basades en l&#8217;evid\u00e8ncia cient\u00edfica. Data de publicaci\u00f3:&hellip;<\/div><\/div>\t\t<\/div>\r\n\t\t\t<\/article>\r\n\t<article class=\"w-grid-item us_animate_afb size_1x1 post-1688 us_portfolio type-us_portfolio status-publish hentry filtro-recurs palabra-clave-10x30-ca palabra-clave-espanya palabra-clave-informe-ca palabra-clave-oceana-ca palabra-clave-policy-brief-ca us_portfolio_category-estudis-i-informes us_portfolio_tag-10x30 us_portfolio_tag-informe-ca us_portfolio_tag-oceana-ca us_portfolio_tag-policy-brief-ca\" data-id=\"1688\">\r\n\t\t<div class=\"w-grid-item-h\">\r\n\t\t\t\t\t\t\t<a href=\"https:\/\/www.med30.org\/ca\/portfolio\/objetivo-10x30-la-urgencia-de-establecer-espacios-marinos-de-proteccion-estricta-en-espana\/\" class=\"w-grid-item-anchor\" aria-label=\"OBJETIVO 10&#215;30. La urgencia de establecer espacios marinos de protecci\u00f3n estricta en Espa\u00f1a\"><\/a>\r\n\t\t\t\t\t\t<div class=\"w-vwrapper usg_vwrapper_1 align_none valign_top\" style=\"--vwrapper-gap:0.5rem\"><div class=\"w-hwrapper usg_hwrapper_2 align_none valign_middle wrap\" style=\"--hwrapper-gap:0.4rem\"><div class=\"w-post-elm post_taxonomy usg_post_taxonomy_1 style_badge\"><span class=\"w-btn us-btn-style_5 term-30 term-recurs\">Recurs<\/span><\/div><div class=\"w-post-elm post_taxonomy usg_post_taxonomy_2 style_badge\"><div class=\"w-post-elm-list\"><span class=\"w-btn us-btn-style_4 term-95 term-10x30-ca\">10x30<\/span><span class=\"w-btn us-btn-style_4 term-266 term-espanya\">Espanya<\/span><span class=\"w-btn us-btn-style_4 term-219 term-informe-ca\">Informe<\/span><span class=\"w-btn us-btn-style_4 term-169 term-oceana-ca\">Oceana<\/span><span class=\"w-btn us-btn-style_4 term-267 term-policy-brief-ca\">Policy brief<\/span><\/div><\/div><\/div><h2 class=\"w-post-elm post_title usg_post_title_1 has_text_color entry-title color_link_inherit\">OBJETIVO 10&#215;30. La urgencia de establecer espacios marinos de protecci\u00f3n estricta en Espa\u00f1a<\/h2><div class=\"w-hwrapper usg_hwrapper_1 align_none valign_middle\" style=\"--hwrapper-gap:2rem\"><time class=\"w-post-elm post_date usg_post_date_1 has_text_color entry-date published\" datetime=\"2025-02-25T14:51:41+01:00\">25 de febrer de 2025<\/time><\/div><div class=\"w-post-elm post_content usg_post_content_1\">Informe elaborat per Oceana sota la iniciativa MED30, que analitza l&#8217;estat de la protecci\u00f3 estricta a Espa\u00f1a i exposa la necessitat d&#8217;avan\u00e7ar cap a la consecuci\u00f3 dels objectius 10&#215;30.<\/div><\/div>\t\t<\/div>\r\n\t\t\t<\/article>\r\n\t<article class=\"w-grid-item us_animate_afb size_1x1 post-1668 us_portfolio type-us_portfolio status-publish hentry filtro-recurs palabra-clave-2050-ca palabra-clave-canvi-climatic palabra-clave-estudi palabra-clave-informe-ca palabra-clave-mediterraneo-ca palabra-clave-mediterrani-ca us_portfolio_category-estudis-i-informes us_portfolio_tag-2050-ca us_portfolio_tag-canvi-climatic us_portfolio_tag-informe-ca us_portfolio_tag-mediterraneo-ca us_portfolio_tag-mediterrani\" data-id=\"1668\">\r\n\t\t<div class=\"w-grid-item-h\">\r\n\t\t\t\t\t\t\t<a href=\"https:\/\/www.med30.org\/ca\/portfolio\/med2050-el-mediterrani-a-lhoritzo-2050\/\" class=\"w-grid-item-anchor\" aria-label=\"MED2050 &#8211; El Mediterrani a l&#8217;horitz\u00f3 2050\"><\/a>\r\n\t\t\t\t\t\t<div class=\"w-vwrapper usg_vwrapper_1 align_none valign_top\" style=\"--vwrapper-gap:0.5rem\"><div class=\"w-hwrapper usg_hwrapper_2 align_none valign_middle wrap\" style=\"--hwrapper-gap:0.4rem\"><div class=\"w-post-elm post_taxonomy usg_post_taxonomy_1 style_badge\"><span class=\"w-btn us-btn-style_5 term-30 term-recurs\">Recurs<\/span><\/div><div class=\"w-post-elm post_taxonomy usg_post_taxonomy_2 style_badge\"><div class=\"w-post-elm-list\"><span class=\"w-btn us-btn-style_4 term-256 term-2050-ca\">2050<\/span><span class=\"w-btn us-btn-style_4 term-255 term-canvi-climatic\">canvi clim\u00e0tic<\/span><span class=\"w-btn us-btn-style_4 term-254 term-estudi\">estudi<\/span><span class=\"w-btn us-btn-style_4 term-219 term-informe-ca\">Informe<\/span><span class=\"w-btn us-btn-style_4 term-140 term-mediterraneo-ca\">Mediterr\u00e1neo<\/span><span class=\"w-btn us-btn-style_4 term-202 term-mediterrani-ca\">Mediterrani<\/span><\/div><\/div><\/div><h2 class=\"w-post-elm post_title usg_post_title_1 has_text_color entry-title color_link_inherit\">MED2050 &#8211; El Mediterrani a l&#8217;horitz\u00f3 2050<\/h2><div class=\"w-hwrapper usg_hwrapper_1 align_none valign_middle\" style=\"--hwrapper-gap:2rem\"><time class=\"w-post-elm post_date usg_post_date_1 has_text_color entry-date published\" datetime=\"2025-02-03T15:27:19+01:00\">3 de febrer de 2025<\/time><\/div><div class=\"w-post-elm post_content usg_post_content_1\">MED50 \u00e9s un exhaustiu estudi de Plan Bleu en el qual han participat m\u00e9s d&#8217;un centenar d&#8217;experts de 20 pa\u00efsos. Sobre la base de la informaci\u00f3 aportada, ens alerta que&hellip;<\/div><\/div>\t\t<\/div>\r\n\t\t\t<\/article>\r\n\t<article class=\"w-grid-item us_animate_afb size_1x1 post-1781 us_portfolio type-us_portfolio status-publish has-post-thumbnail hentry filtro-recurs palabra-clave-catxalot palabra-clave-cetacis palabra-clave-mediterraneo-ca palabra-clave-menorca-ca palabra-clave-tursiops-ca us_portfolio_category-estudis-i-informes us_portfolio_tag-catxalot us_portfolio_tag-cetacis us_portfolio_tag-mediterrani us_portfolio_tag-tursiops-ca\" data-id=\"1781\">\r\n\t\t<div class=\"w-grid-item-h\">\r\n\t\t\t\t\t\t\t<a href=\"https:\/\/www.med30.org\/ca\/portfolio\/comunicacio-noves-dades-demostren-la-insuficient-proteccio-per-al-catxalot-en-el-mediterrani-occidental\/\" class=\"w-grid-item-anchor\" aria-label=\"Comunicaci\u00f3: noves dades demostren la insuficient protecci\u00f3 per al catxalot en el Mediterrani occidental\"><\/a>\r\n\t\t\t\t\t\t<div class=\"w-vwrapper usg_vwrapper_1 align_none valign_top\" style=\"--vwrapper-gap:0.5rem\"><div class=\"w-hwrapper usg_hwrapper_2 align_none valign_middle wrap\" style=\"--hwrapper-gap:0.4rem\"><div class=\"w-post-elm post_taxonomy usg_post_taxonomy_1 style_badge\"><span class=\"w-btn us-btn-style_5 term-30 term-recurs\">Recurs<\/span><\/div><div class=\"w-post-elm post_taxonomy usg_post_taxonomy_2 style_badge\"><div class=\"w-post-elm-list\"><span class=\"w-btn us-btn-style_4 term-349 term-catxalot\">catxalot<\/span><span class=\"w-btn us-btn-style_4 term-350 term-cetacis\">cetacis<\/span><span class=\"w-btn us-btn-style_4 term-140 term-mediterraneo-ca\">Mediterr\u00e1neo<\/span><span class=\"w-btn us-btn-style_4 term-233 term-menorca-ca\">Menorca<\/span><span class=\"w-btn us-btn-style_4 term-351 term-tursiops-ca\">Tursiops<\/span><\/div><\/div><\/div><h2 class=\"w-post-elm post_title usg_post_title_1 has_text_color entry-title color_link_inherit\">Comunicaci\u00f3: noves dades demostren la insuficient protecci\u00f3 per al catxalot en el Mediterrani occidental<\/h2><div class=\"w-hwrapper usg_hwrapper_1 align_none valign_middle\" style=\"--hwrapper-gap:2rem\"><time class=\"w-post-elm post_date usg_post_date_1 has_text_color entry-date published\" datetime=\"2024-12-15T11:14:47+01:00\">15 de desembre de 2024<\/time><\/div><div class=\"w-post-elm post_content usg_post_content_1\">Comunicaci\u00f3 sobre els resultats de les campanyes de l&#8217;Associaci\u00f3 Tursiops que han demostrat l&#8217;exist\u00e8ncia d&#8217;una zona de cria de catxalots en el Mediterrani occidental (al nord de Menorca). L&#8217;article assenyala&hellip;<\/div><\/div>\t\t<\/div>\r\n\t\t\t<\/article>\r\n\t<article class=\"w-grid-item us_animate_afb size_1x1 post-1411 us_portfolio type-us_portfolio status-publish has-post-thumbnail hentry filtro-recurs palabra-clave-30x30-ca palabra-clave-bloomberg-philanthropies-ca palabra-clave-informe-ca us_portfolio_category-herramientas-ca us_portfolio_tag-30x30 us_portfolio_tag-bloomberg-philanthropies-ca us_portfolio_tag-informe-ca\" data-id=\"1411\">\r\n\t\t<div class=\"w-grid-item-h\">\r\n\t\t\t\t\t\t\t<a href=\"https:\/\/www.med30.org\/ca\/portfolio\/on-track-or-off-course-informe-de-bloomberg-philanthropies\/\" class=\"w-grid-item-anchor\" aria-label=\"On track or off course? Informe de Bloomberg Philanthropies\"><\/a>\r\n\t\t\t\t\t\t<div class=\"w-vwrapper usg_vwrapper_1 align_none valign_top\" style=\"--vwrapper-gap:0.5rem\"><div class=\"w-hwrapper usg_hwrapper_2 align_none valign_middle wrap\" style=\"--hwrapper-gap:0.4rem\"><div class=\"w-post-elm post_taxonomy usg_post_taxonomy_1 style_badge\"><span class=\"w-btn us-btn-style_5 term-30 term-recurs\">Recurs<\/span><\/div><div class=\"w-post-elm post_taxonomy usg_post_taxonomy_2 style_badge\"><div class=\"w-post-elm-list\"><span class=\"w-btn us-btn-style_4 term-94 term-30x30-ca\">30x30<\/span><span class=\"w-btn us-btn-style_4 term-218 term-bloomberg-philanthropies-ca\">Bloomberg Philanthropies<\/span><span class=\"w-btn us-btn-style_4 term-219 term-informe-ca\">Informe<\/span><\/div><\/div><\/div><h2 class=\"w-post-elm post_title usg_post_title_1 has_text_color entry-title color_link_inherit\">On track or off course? Informe de Bloomberg Philanthropies<\/h2><div class=\"w-hwrapper usg_hwrapper_1 align_none valign_middle\" style=\"--hwrapper-gap:2rem\"><time class=\"w-post-elm post_date usg_post_date_1 has_text_color entry-date published\" datetime=\"2024-11-04T07:38:17+01:00\">4 de novembre de 2024<\/time><\/div><div class=\"w-post-elm post_content usg_post_content_1\">Coincidint amb la celebraci\u00f3 de la COP16 a Col\u00f2mbia, Bloomberg Philanthropies publica l&#8217;informe On track or off course? Assessing progress towards the 30&#215;30 target for the ocean. Aquest estudi demostra&hellip;<\/div><\/div>\t\t<\/div>\r\n\t\t\t<\/article>\r\n\t<article class=\"w-grid-item us_animate_afb size_1x1 post-1398 us_portfolio type-us_portfolio status-publish hentry filtro-recurs palabra-clave-30x30-ca palabra-clave-audiovisual-ca palabra-clave-bluevawe palabra-clave-divulgacio palabra-clave-mediterrani-ca us_portfolio_tag-30x30 us_portfolio_tag-audiovisual us_portfolio_tag-bluevawe us_portfolio_tag-divulgacio us_portfolio_tag-mediterrani\" data-id=\"1398\">\r\n\t\t<div class=\"w-grid-item-h\">\r\n\t\t\t\t\t\t\t<a href=\"https:\/\/www.med30.org\/ca\/portfolio\/1398\/\" class=\"w-grid-item-anchor\" aria-label=\"Waves of tomorrow\"><\/a>\r\n\t\t\t\t\t\t<div class=\"w-vwrapper usg_vwrapper_1 align_none valign_top\" style=\"--vwrapper-gap:0.5rem\"><div class=\"w-hwrapper usg_hwrapper_2 align_none valign_middle wrap\" style=\"--hwrapper-gap:0.4rem\"><div class=\"w-post-elm post_taxonomy usg_post_taxonomy_1 style_badge\"><span class=\"w-btn us-btn-style_5 term-30 term-recurs\">Recurs<\/span><\/div><div class=\"w-post-elm post_taxonomy usg_post_taxonomy_2 style_badge\"><div class=\"w-post-elm-list\"><span class=\"w-btn us-btn-style_4 term-94 term-30x30-ca\">30x30<\/span><span class=\"w-btn us-btn-style_4 term-204 term-audiovisual-ca\">audiovisual<\/span><span class=\"w-btn us-btn-style_4 term-208 term-bluevawe\">Bluevawe<\/span><span class=\"w-btn us-btn-style_4 term-201 term-divulgacio\">divulgaci\u00f3<\/span><span class=\"w-btn us-btn-style_4 term-202 term-mediterrani-ca\">Mediterrani<\/span><\/div><\/div><\/div><h2 class=\"w-post-elm post_title usg_post_title_1 has_text_color entry-title color_link_inherit\">Waves of tomorrow<\/h2><div class=\"w-hwrapper usg_hwrapper_1 align_none valign_middle\" style=\"--hwrapper-gap:2rem\"><time class=\"w-post-elm post_date usg_post_date_1 has_text_color entry-date published\" datetime=\"2024-10-30T07:20:06+01:00\">30 d'octubre de 2024<\/time><\/div><div class=\"w-post-elm post_content usg_post_content_1\">Waves of tomorrow \u00e9s un projecte audiovisual produ\u00eft per Bluewave Alliance en col\u00b7laboraci\u00f3 amb Odicean. En aquesta s\u00e8rie, ens mostraran que les \u00c0rees Marines Protegides estan ajudant a restaurar i&hellip;<\/div><\/div>\t\t<\/div>\r\n\t\t\t<\/article>\r\n\t<article class=\"w-grid-item us_animate_afb size_1x1 post-1314 us_portfolio type-us_portfolio status-publish has-post-thumbnail hentry filtro-recurs palabra-clave-intemares-ca palabra-clave-natura-2000-ca us_portfolio_category-herramientas-ca us_portfolio_tag-intemares-ca us_portfolio_tag-natura-2000-ca\" data-id=\"1314\">\r\n\t\t<div class=\"w-grid-item-h\">\r\n\t\t\t\t\t\t\t<a href=\"https:\/\/www.med30.org\/ca\/portfolio\/intemares\/\" class=\"w-grid-item-anchor\" aria-label=\"Intemares\"><\/a>\r\n\t\t\t\t\t\t<div class=\"w-vwrapper usg_vwrapper_1 align_none valign_top\" style=\"--vwrapper-gap:0.5rem\"><div class=\"w-hwrapper usg_hwrapper_2 align_none valign_middle wrap\" style=\"--hwrapper-gap:0.4rem\"><div class=\"w-post-elm post_taxonomy usg_post_taxonomy_1 style_badge\"><span class=\"w-btn us-btn-style_5 term-30 term-recurs\">Recurs<\/span><\/div><div class=\"w-post-elm post_taxonomy usg_post_taxonomy_2 style_badge\"><div class=\"w-post-elm-list\"><span class=\"w-btn us-btn-style_4 term-177 term-intemares-ca\">Intemares<\/span><span class=\"w-btn us-btn-style_4 term-178 term-natura-2000-ca\">Natura 2000<\/span><\/div><\/div><\/div><h2 class=\"w-post-elm post_title usg_post_title_1 has_text_color entry-title color_link_inherit\">Intemares<\/h2><div class=\"w-hwrapper usg_hwrapper_1 align_none valign_middle\" style=\"--hwrapper-gap:2rem\"><time class=\"w-post-elm post_date usg_post_date_1 has_text_color entry-date published\" datetime=\"2024-10-11T10:00:38+02:00\">11 d'octubre de 2024<\/time><\/div><div class=\"w-post-elm post_content usg_post_content_1\">Recursos del projecte\u00a0Life Intemares per a la gesti\u00f3 efica\u00e7 dels espais marins de la Xarxa Natura 2000 (Espanya). Materials educatius i divultatius. Art\u00edcles cient\u00edfics. Millora del coneixement d&#8217;h\u00e0bitats marins. Informaci\u00f3&hellip;<\/div><\/div>\t\t<\/div>\r\n\t\t\t<\/article>\r\n\t<article class=\"w-grid-item us_animate_afb size_1x1 post-1299 us_portfolio type-us_portfolio status-publish has-post-thumbnail hentry filtro-recurs palabra-clave-10x30-ca palabra-clave-emp palabra-clave-oceana-ca us_portfolio_category-herramientas-ca us_portfolio_tag-10x30 us_portfolio_tag-emp-ca us_portfolio_tag-oceana-ca\" data-id=\"1299\">\r\n\t\t<div class=\"w-grid-item-h\">\r\n\t\t\t\t\t\t\t<a href=\"https:\/\/www.med30.org\/ca\/portfolio\/50-refugios-marinos-de-espana\/\" class=\"w-grid-item-anchor\" aria-label=\"50 refugis marins d&#8217;Espanya\"><\/a>\r\n\t\t\t\t\t\t<div class=\"w-vwrapper usg_vwrapper_1 align_none valign_top\" style=\"--vwrapper-gap:0.5rem\"><div class=\"w-hwrapper usg_hwrapper_2 align_none valign_middle wrap\" style=\"--hwrapper-gap:0.4rem\"><div class=\"w-post-elm post_taxonomy usg_post_taxonomy_1 style_badge\"><span class=\"w-btn us-btn-style_5 term-30 term-recurs\">Recurs<\/span><\/div><div class=\"w-post-elm post_taxonomy usg_post_taxonomy_2 style_badge\"><div class=\"w-post-elm-list\"><span class=\"w-btn us-btn-style_4 term-95 term-10x30-ca\">10x30<\/span><span class=\"w-btn us-btn-style_4 term-72 term-emp\">EMP<\/span><span class=\"w-btn us-btn-style_4 term-169 term-oceana-ca\">Oceana<\/span><\/div><\/div><\/div><h2 class=\"w-post-elm post_title usg_post_title_1 has_text_color entry-title color_link_inherit\">50 refugis marins d&#8217;Espanya<\/h2><div class=\"w-hwrapper usg_hwrapper_1 align_none valign_middle\" style=\"--hwrapper-gap:2rem\"><time class=\"w-post-elm post_date usg_post_date_1 has_text_color entry-date published\" datetime=\"2024-10-07T09:25:50+02:00\">7 d'octubre de 2024<\/time><\/div><div class=\"w-post-elm post_content usg_post_content_1\">Proposta d&#8217;\u00e0rees marines de protecci\u00f3 estricta elaborada per\u00a0Oceana\u00a0i publicada l&#8217;octubre de 2023.<\/div><\/div>\t\t<\/div>\r\n\t\t\t<\/article>\r\n\t<article class=\"w-grid-item us_animate_afb size_1x1 post-1276 us_portfolio type-us_portfolio status-publish has-post-thumbnail hentry filtro-recurs palabra-clave-10x30-ca palabra-clave-emp palabra-clave-espais-marins-protegits palabra-clave-mar-balear-ca palabra-clave-marilles-ca us_portfolio_category-herramientas-ca us_portfolio_tag-10x30 us_portfolio_tag-emp-ca us_portfolio_tag-mar-balear-ca us_portfolio_tag-marilles-ca\" data-id=\"1276\">\r\n\t\t<div class=\"w-grid-item-h\">\r\n\t\t\t\t\t\t\t<a href=\"https:\/\/www.med30.org\/ca\/portfolio\/los-espacios-marinos-protegidos-del-mar-balear\/\" class=\"w-grid-item-anchor\" aria-label=\"Els espais marins protegits de la mar Balear\"><\/a>\r\n\t\t\t\t\t\t<div class=\"w-vwrapper usg_vwrapper_1 align_none valign_top\" style=\"--vwrapper-gap:0.5rem\"><div class=\"w-hwrapper usg_hwrapper_2 align_none valign_middle wrap\" style=\"--hwrapper-gap:0.4rem\"><div class=\"w-post-elm post_taxonomy usg_post_taxonomy_1 style_badge\"><span class=\"w-btn us-btn-style_5 term-30 term-recurs\">Recurs<\/span><\/div><div class=\"w-post-elm post_taxonomy usg_post_taxonomy_2 style_badge\"><div class=\"w-post-elm-list\"><span class=\"w-btn us-btn-style_4 term-95 term-10x30-ca\">10x30<\/span><span class=\"w-btn us-btn-style_4 term-72 term-emp\">EMP<\/span><span class=\"w-btn us-btn-style_4 term-156 term-espais-marins-protegits\">Espais Marins Protegits<\/span><span class=\"w-btn us-btn-style_4 term-42 term-mar-balear-ca\">Mar Balear<\/span><span class=\"w-btn us-btn-style_4 term-34 term-marilles-ca\">Marilles<\/span><\/div><\/div><\/div><h2 class=\"w-post-elm post_title usg_post_title_1 has_text_color entry-title color_link_inherit\">Els espais marins protegits de la mar Balear<\/h2><div class=\"w-hwrapper usg_hwrapper_1 align_none valign_middle\" style=\"--hwrapper-gap:2rem\"><time class=\"w-post-elm post_date usg_post_date_1 has_text_color entry-date published\" datetime=\"2024-06-15T07:44:52+02:00\">15 de juny de 2024<\/time><\/div><div class=\"w-post-elm post_content usg_post_content_1\">Informe elaborat per la\u00a0Fundaci\u00f3 Marilles que analitza les figures i els percentatges de protecci\u00f3 de la mar Balear.<\/div><\/div>\t\t<\/div>\r\n\t\t\t<\/article>\r\n\t<article class=\"w-grid-item us_animate_afb size_1x1 post-916 us_portfolio type-us_portfolio status-publish has-post-thumbnail hentry filtro-recurs palabra-clave-10x30-ca palabra-clave-30x30-ca palabra-clave-acuerdo-ca palabra-clave-marilles-ca palabra-clave-mediterraneo-ca us_portfolio_tag-10x30 us_portfolio_tag-30x30 us_portfolio_tag-acuerdo us_portfolio_tag-mediterraneo-ca\" data-id=\"916\">\r\n\t\t<div class=\"w-grid-item-h\">\r\n\t\t\t\t\t\t\t<a href=\"https:\/\/www.med30.org\/ca\/portfolio\/acuerdo-30x30\/\" class=\"w-grid-item-anchor\" aria-label=\"Acord 30&#215;30\"><\/a>\r\n\t\t\t\t\t\t<div class=\"w-vwrapper usg_vwrapper_1 align_none valign_top\" style=\"--vwrapper-gap:0.5rem\"><div class=\"w-hwrapper usg_hwrapper_2 align_none valign_middle wrap\" style=\"--hwrapper-gap:0.4rem\"><div class=\"w-post-elm post_taxonomy usg_post_taxonomy_1 style_badge\"><span class=\"w-btn us-btn-style_5 term-30 term-recurs\">Recurs<\/span><\/div><div class=\"w-post-elm post_taxonomy usg_post_taxonomy_2 style_badge\"><div class=\"w-post-elm-list\"><span class=\"w-btn us-btn-style_4 term-95 term-10x30-ca\">10x30<\/span><span class=\"w-btn us-btn-style_4 term-94 term-30x30-ca\">30x30<\/span><span class=\"w-btn us-btn-style_4 term-145 term-acuerdo-ca\">Acuerdo<\/span><span class=\"w-btn us-btn-style_4 term-34 term-marilles-ca\">Marilles<\/span><span class=\"w-btn us-btn-style_4 term-140 term-mediterraneo-ca\">Mediterr\u00e1neo<\/span><\/div><\/div><\/div><h2 class=\"w-post-elm post_title usg_post_title_1 has_text_color entry-title color_link_inherit\">Acord 30&#215;30<\/h2><div class=\"w-hwrapper usg_hwrapper_1 align_none valign_middle\" style=\"--hwrapper-gap:2rem\"><time class=\"w-post-elm post_date usg_post_date_1 has_text_color entry-date published\" datetime=\"2024-05-25T13:15:09+02:00\">25 de maig de 2024<\/time><\/div><div class=\"w-post-elm post_content usg_post_content_1\">Acord entre 15 organitzacions ecologistes perqu\u00e8 el Govern d&#8217;Espanya avanci en el compliment dels compromisos de protegir un 30 % del Mediterrani espanyol de cara a l&#8217;any 2030.<\/div><\/div>\t\t<\/div>\r\n\t\t\t<\/article>\r\n\t<article class=\"w-grid-item us_animate_afb size_1x1 post-1329 us_portfolio type-us_portfolio status-publish has-post-thumbnail hentry filtro-recurs palabra-clave-europarc-ca us_portfolio_tag-europarc-ca\" data-id=\"1329\">\r\n\t\t<div class=\"w-grid-item-h\">\r\n\t\t\t\t\t\t\t<a href=\"https:\/\/www.med30.org\/ca\/portfolio\/anuario-2023-del-estado-de-las-areas-protegidas-en-espana\/\" class=\"w-grid-item-anchor\" aria-label=\"Anuari 2023 de l&#8217;estat de les \u00e0rees protegides a Espanya\"><\/a>\r\n\t\t\t\t\t\t<div class=\"w-vwrapper usg_vwrapper_1 align_none valign_top\" style=\"--vwrapper-gap:0.5rem\"><div class=\"w-hwrapper usg_hwrapper_2 align_none valign_middle wrap\" style=\"--hwrapper-gap:0.4rem\"><div class=\"w-post-elm post_taxonomy usg_post_taxonomy_1 style_badge\"><span class=\"w-btn us-btn-style_5 term-30 term-recurs\">Recurs<\/span><\/div><div class=\"w-post-elm post_taxonomy usg_post_taxonomy_2 style_badge\"><span class=\"w-btn us-btn-style_4 term-187 term-europarc-ca\">Europarc<\/span><\/div><\/div><h2 class=\"w-post-elm post_title usg_post_title_1 has_text_color entry-title color_link_inherit\">Anuari 2023 de l&#8217;estat de les \u00e0rees protegides a Espanya<\/h2><div class=\"w-hwrapper usg_hwrapper_1 align_none valign_middle\" style=\"--hwrapper-gap:2rem\"><time class=\"w-post-elm post_date usg_post_date_1 has_text_color entry-date published\" datetime=\"2024-03-11T10:24:56+01:00\">11 de mar\u00e7 de 2024<\/time><\/div><div class=\"w-post-elm post_content usg_post_content_1\">Informe anual d&#8217;Europarc sobre l&#8217;estat de les \u00e0rees protegides d&#8217;Espanya. Inclou \u00e0rees marines i terrestres.\u00a0<\/div><\/div>\t\t<\/div>\r\n\t\t\t<\/article>\r\n<\/div>\t<div class=\"w-grid-preloader\">\r\n\t\t<div class=\"g-preloader type_1\">\r\n\t\t\t<div><\/div>\r\n\t\t<\/div>\r\n\t<\/div>\r\n\t\t<div class=\"w-grid-json hidden\" onclick='return {&quot;action&quot;:&quot;us_ajax_grid&quot;,&quot;infinite_scroll&quot;:0,&quot;max_num_pages&quot;:1,&quot;pagination&quot;:&quot;regular&quot;,&quot;template_vars&quot;:{&quot;columns&quot;:&quot;1&quot;,&quot;exclude_items&quot;:&quot;none&quot;,&quot;img_size&quot;:&quot;default&quot;,&quot;ignore_items_size&quot;:0,&quot;items_layout&quot;:&quot;635&quot;,&quot;items_offset&quot;:&quot;1&quot;,&quot;load_animation&quot;:&quot;afb&quot;,&quot;overriding_link&quot;:&quot;%7B%22type%22%3A%22post%22%7D&quot;,&quot;post_id&quot;:0,&quot;query_args&quot;:{&quot;post_type&quot;:[&quot;us_portfolio&quot;],&quot;post_status&quot;:[&quot;publish&quot;,&quot;acf-disabled&quot;],&quot;posts_per_page&quot;:&quot;20&quot;},&quot;orderby_query_args&quot;:{&quot;orderby&quot;:{&quot;date&quot;:&quot;DESC&quot;}},&quot;type&quot;:&quot;grid&quot;,&quot;us_grid_post_type&quot;:&quot;us_portfolio&quot;,&quot;us_grid_ajax_index&quot;:1,&quot;us_grid_filter_query_string&quot;:null,&quot;us_grid_index&quot;:1,&quot;page_args&quot;:[],&quot;lang&quot;:&quot;ca&quot;}}'><\/div>\r\n\t<\/div><\/div><\/div><\/div><\/div><\/div><\/section>\n","protected":false},"excerpt":{"rendered":"Informe anual d'Europarc sobre l'estat de les \u00e0rees protegides d'Espanya. Inclou \u00e0rees marines i terrestres.\u00a0","protected":false},"author":3,"featured_media":351,"parent":0,"menu_order":0,"comment_status":"closed","ping_status":"closed","template":"","meta":{"_acf_changed":false,"footnotes":""},"class_list":["post-822","page","type-page","status-publish","has-post-thumbnail","hentry"],"acf":[],"_links":{"self":[{"href":"https:\/\/www.med30.org\/ca\/wp-json\/wp\/v2\/pages\/822","targetHints":{"allow":["GET"]}}],"collection":[{"href":"https:\/\/www.med30.org\/ca\/wp-json\/wp\/v2\/pages"}],"about":[{"href":"https:\/\/www.med30.org\/ca\/wp-json\/wp\/v2\/types\/page"}],"author":[{"embeddable":true,"href":"https:\/\/www.med30.org\/ca\/wp-json\/wp\/v2\/users\/3"}],"replies":[{"embeddable":true,"href":"https:\/\/www.med30.org\/ca\/wp-json\/wp\/v2\/comments?post=822"}],"version-history":[{"count":9,"href":"https:\/\/www.med30.org\/ca\/wp-json\/wp\/v2\/pages\/822\/revisions"}],"predecessor-version":[{"id":2017,"href":"https:\/\/www.med30.org\/ca\/wp-json\/wp\/v2\/pages\/822\/revisions\/2017"}],"wp:featuredmedia":[{"embeddable":true,"href":"https:\/\/www.med30.org\/ca\/wp-json\/wp\/v2\/media\/351"}],"wp:attachment":[{"href":"https:\/\/www.med30.org\/ca\/wp-json\/wp\/v2\/media?parent=822"}],"curies":[{"name":"wp","href":"https:\/\/api.w.org\/{rel}","templated":true}]}}